{"id":1149,"date":"2024-02-15T16:57:53","date_gmt":"2024-02-15T16:57:53","guid":{"rendered":"https:\/\/fv-feuerwehrbrinkum.de\/?page_id=1149"},"modified":"2024-09-28T14:41:39","modified_gmt":"2024-09-28T14:41:39","slug":"foerderverein-feuerwehr-brinkum","status":"publish","type":"page","link":"https:\/\/fv-feuerwehrbrinkum.de\/?page_id=1149","title":{"rendered":"F\u00f6rderverein Feuerwehr Brinkum"},"content":{"rendered":"<div data-colibri-id=\"1149-c1\" class=\"style-760 style-local-1149-c1 position-relative\">\r\n  <!---->\r\n  <div data-colibri-component=\"section\" data-colibri-id=\"1149-c2\" id=\"team-2\" class=\"h-section h-section-global-spacing d-flex align-items-lg-center align-items-md-center align-items-center style-831 style-local-1149-c2 position-relative\">\r\n    <!---->\r\n    <!---->\r\n    <div class=\"h-section-grid-container h-section-boxed-container\">\r\n      <div data-colibri-id=\"1149-c16\" class=\"h-row-container gutters-row-lg-2 gutters-row-md-2 gutters-row-2 gutters-row-v-lg-2 gutters-row-v-md-2 gutters-row-v-2 style-843 style-local-1149-c16 position-relative\">\r\n        <!---->\r\n        <div class=\"h-row justify-content-lg-center justify-content-md-center justify-content-center align-items-lg-stretch align-items-md-stretch align-items-stretch gutters-col-lg-2 gutters-col-md-2 gutters-col-2 gutters-col-v-lg-2 gutters-col-v-md-2 gutters-col-v-2\">\r\n          <!---->\r\n          <div class=\"h-column h-column-container d-flex h-col-lg-auto h-col-md-auto h-col-auto style-844-outer style-local-1149-c17-outer\">\r\n            <div data-colibri-id=\"1149-c17\" class=\"d-flex h-flex-basis h-column__inner h-px-lg-2 h-px-md-2 h-px-2 v-inner-lg-2 v-inner-md-2 v-inner-2 style-844 style-local-1149-c17 position-relative\">\r\n              <!---->\r\n              <!---->\r\n              <div class=\"w-100 h-y-container h-column__content h-column__v-align flex-basis-100 align-self-lg-start align-self-md-start align-self-start\">\r\n                <!---->\r\n                <div data-colibri-id=\"1149-c18\" class=\"h-global-transition-all h-heading style-845 style-local-1149-c18 position-relative h-element\">\r\n                  <!---->\r\n                  <div class=\"h-heading__outer style-845 style-local-1149-c18\">\r\n                    <!---->\r\n                    <!---->\r\n                    <h2 class=\"\">Was wir machen<\/h2>\r\n                  <\/div>\r\n                <\/div>\r\n                <div data-colibri-id=\"1149-c19\" class=\"h-lead h-text h-text-component style-846 style-local-1149-c19 position-relative h-element\">\r\n                  <!---->\r\n                  <!---->\r\n                  <div class=\"\">\r\n                    <p><span style=\"color: rgb(102, 102, 102); font-family: &quot;Open Sans&quot;; font-size: 20px; font-weight: 300;\">Der F\u00f6rderverein der Ortsfeuerwehr Brinkum :<\/span><\/p>\r\n                  <\/div>\r\n                <\/div>\r\n              <\/div>\r\n            <\/div>\r\n          <\/div>\r\n        <\/div>\r\n      <\/div>\r\n      <div data-colibri-id=\"1149-c3\" class=\"h-row-container gutters-row-lg-2 gutters-row-md-2 gutters-row-2 gutters-row-v-lg-2 gutters-row-v-md-2 gutters-row-v-2 style-832 style-local-1149-c3 position-relative\">\r\n        <!---->\r\n        <div class=\"h-row justify-content-lg-center justify-content-md-center justify-content-center align-items-lg-stretch align-items-md-stretch align-items-stretch gutters-col-lg-2 gutters-col-md-2 gutters-col-2 gutters-col-v-lg-2 gutters-col-v-md-2 gutters-col-v-2\">\r\n          <!---->\r\n          <div class=\"h-column h-column-container d-flex h-col-lg-4 h-col-md-6 h-col-12 style-833-outer style-local-1149-c4-outer\">\r\n            <div data-colibri-id=\"1149-c4\" class=\"d-flex h-flex-basis h-column__inner h-px-lg-0 h-px-md-0 h-px-0 v-inner-lg-0 v-inner-md-0 v-inner-0 style-833 style-local-1149-c4 position-relative\">\r\n              <!---->\r\n              <!---->\r\n              <div class=\"w-100 h-y-container h-column__content h-column__v-align flex-basis-100 align-self-lg-start align-self-md-start align-self-start\">\r\n                <!---->\r\n                <div data-colibri-id=\"1149-c5\" class=\"h-text h-text-component style-847 style-local-1149-c5 position-relative h-element\">\r\n                  <!---->\r\n                  <!---->\r\n                  <div class=\"\">\r\n                    <p><span style=\"font-weight: 400; font-size: 16px; font-family: &quot;Open Sans&quot;; color: rgb(102, 102, 102);\">Unterst\u00fctzt die Ortsfeuerwehr Brinkum mit ihren Aufgaben, das Feuerwehrwesen zuf\u00f6rdern<\/span><\/p>\r\n                  <\/div>\r\n                <\/div>\r\n              <\/div>\r\n            <\/div>\r\n          <\/div>\r\n          <div class=\"h-column h-column-container d-flex h-col-lg-4 h-col-md-6 h-col-12 style-833-outer style-local-1149-c6-outer\">\r\n            <div data-colibri-id=\"1149-c6\" class=\"d-flex h-flex-basis h-column__inner h-px-lg-0 h-px-md-0 h-px-0 v-inner-lg-0 v-inner-md-0 v-inner-0 style-833 style-local-1149-c6 position-relative\">\r\n              <!---->\r\n              <!---->\r\n              <div class=\"w-100 h-y-container h-column__content h-column__v-align flex-basis-100 align-self-lg-start align-self-md-start align-self-start\">\r\n                <!---->\r\n                <div data-colibri-id=\"1149-c7\" class=\"h-text h-text-component style-848 style-local-1149-c7 position-relative h-element\">\r\n                  <!---->\r\n                  <!---->\r\n                  <div class=\"\">\r\n                    <p><span style=\"font-weight: 400; font-size: 16px; font-family: &quot;Open Sans&quot;; color: rgb(102, 102, 102);\">Unterst\u00fctzt die \u00d6ffentlichkeitsarbeit der Ortsfeuerwehr Brinkum<\/span><\/p>\r\n                  <\/div>\r\n                <\/div>\r\n              <\/div>\r\n            <\/div>\r\n          <\/div>\r\n          <div class=\"h-column h-column-container d-flex h-col-lg-4 h-col-md-6 h-col-12 style-833-outer style-local-1149-c8-outer\">\r\n            <div data-colibri-id=\"1149-c8\" class=\"d-flex h-flex-basis h-column__inner h-px-lg-0 h-px-md-0 h-px-0 v-inner-lg-0 v-inner-md-0 v-inner-0 style-833 style-local-1149-c8 position-relative\">\r\n              <!---->\r\n              <!---->\r\n              <div class=\"w-100 h-y-container h-column__content h-column__v-align flex-basis-100 align-self-lg-start align-self-md-start align-self-start\">\r\n                <!---->\r\n                <div data-colibri-id=\"1149-c9\" class=\"h-text h-text-component style-849 style-local-1149-c9 position-relative h-element\">\r\n                  <!---->\r\n                  <!---->\r\n                  <div class=\"\">\r\n                    <p><span style=\"color: rgb(102, 102, 102); font-family: &quot;Open Sans&quot;; font-size: 16px; font-weight: 400;\">F\u00f6rdert die Bereitschaft der jugendlichen zur Mitarbeit in der Jugendfeuerwehr<\/span><\/p>\r\n                  <\/div>\r\n                <\/div>\r\n              <\/div>\r\n            <\/div>\r\n          <\/div>\r\n          <div class=\"h-column h-column-container d-flex h-col-lg-4 h-col-md-6 h-col-12 style-833-outer style-local-1149-c10-outer\">\r\n            <div data-colibri-id=\"1149-c10\" class=\"d-flex h-flex-basis h-column__inner h-px-lg-0 h-px-md-0 h-px-0 v-inner-lg-0 v-inner-md-0 v-inner-0 style-833 style-local-1149-c10 position-relative\">\r\n              <!---->\r\n              <!---->\r\n              <div class=\"w-100 h-y-container h-column__content h-column__v-align flex-basis-100 align-self-lg-start align-self-md-start align-self-start\">\r\n                <!---->\r\n                <div data-colibri-id=\"1149-c11\" class=\"h-text h-text-component style-850 style-local-1149-c11 position-relative h-element\">\r\n                  <!---->\r\n                  <!---->\r\n                  <div class=\"\">\r\n                    <p><span style=\"color: rgb(102, 102, 102); font-family: &quot;Open Sans&quot;; font-size: 16px; font-weight: 400;\">F\u00f6rdert die Anerkennung der ehrenamtlichen T\u00e4tigkeit in den Bereichen Brandschutz und Technische Hilfe<\/span><\/p>\r\n                  <\/div>\r\n                <\/div>\r\n              <\/div>\r\n            <\/div>\r\n          <\/div>\r\n          <div class=\"h-column h-column-container d-flex h-col-lg-4 h-col-md-6 h-col-12 style-833-outer style-local-1149-c12-outer\">\r\n            <div data-colibri-id=\"1149-c12\" class=\"d-flex h-flex-basis h-column__inner h-px-lg-0 h-px-md-0 h-px-0 v-inner-lg-0 v-inner-md-0 v-inner-0 style-833 style-local-1149-c12 position-relative\">\r\n              <!---->\r\n              <!---->\r\n              <div class=\"w-100 h-y-container h-column__content h-column__v-align flex-basis-100 align-self-lg-start align-self-md-start align-self-start\">\r\n                <!---->\r\n                <div data-colibri-id=\"1149-c13\" class=\"h-text h-text-component style-851 style-local-1149-c13 position-relative h-element\">\r\n                  <!---->\r\n                  <!---->\r\n                  <div class=\"\">\r\n                    <p>Vermittelt Zuwendungen aus Spenden, \u00f6ffentlichen Mitteln und anderen Bereichen<\/p>\r\n                  <\/div>\r\n                <\/div>\r\n              <\/div>\r\n            <\/div>\r\n          <\/div>\r\n          <div class=\"h-column h-column-container d-flex h-col-lg-4 h-col-md-6 h-col-12 style-833-outer style-local-1149-c14-outer\">\r\n            <div data-colibri-id=\"1149-c14\" class=\"d-flex h-flex-basis h-column__inner h-px-lg-0 h-px-md-0 h-px-0 v-inner-lg-0 v-inner-md-0 v-inner-0 style-833 style-local-1149-c14 position-relative\">\r\n              <!---->\r\n              <!---->\r\n              <div class=\"w-100 h-y-container h-column__content h-column__v-align flex-basis-100 align-self-lg-start align-self-md-start align-self-start\">\r\n                <!---->\r\n                <div data-colibri-id=\"1149-c15\" class=\"h-text h-text-component style-852 style-local-1149-c15 position-relative h-element\">\r\n                  <!---->\r\n                  <!---->\r\n                  <div class=\"\">\r\n                    <p>F\u00f6rdert die Kameradschaft und den Kontakt der Vereinsmitglieder zur Feuerwehr<\/p>\r\n                  <\/div>\r\n                <\/div>\r\n              <\/div>\r\n            <\/div>\r\n          <\/div>\r\n        <\/div>\r\n      <\/div>\r\n    <\/div>\r\n  <\/div>\r\n  <div data-colibri-component=\"section\" data-colibri-id=\"1149-c20\" id=\"about\" class=\"h-section h-section-global-spacing d-flex align-items-lg-center align-items-md-center align-items-center style-864 style-local-1149-c20 position-relative\">\r\n    <!---->\r\n    <!---->\r\n    <div class=\"h-section-grid-container h-section-boxed-container\">\r\n      <!---->\r\n      <div data-colibri-id=\"1149-c21\" class=\"h-row-container gutters-row-lg-2 gutters-row-md-2 gutters-row-2 gutters-row-v-lg-2 gutters-row-v-md-2 gutters-row-v-2 style-865 style-local-1149-c21 position-relative\">\r\n        <!---->\r\n        <div class=\"h-row justify-content-lg-center justify-content-md-center justify-content-center align-items-lg-stretch align-items-md-stretch align-items-stretch gutters-col-lg-2 gutters-col-md-2 gutters-col-2 gutters-col-v-lg-2 gutters-col-v-md-2 gutters-col-v-2\">\r\n          <!---->\r\n          <div class=\"h-column h-column-container d-flex h-col-lg-auto h-col-md-auto h-col-auto style-866-outer style-local-1149-c22-outer\">\r\n            <div data-colibri-id=\"1149-c22\" class=\"d-flex h-flex-basis h-column__inner h-px-lg-2 h-px-md-2 h-px-2 v-inner-lg-2 v-inner-md-2 v-inner-2 style-866 style-local-1149-c22 position-relative\">\r\n              <!---->\r\n              <!---->\r\n              <div class=\"w-100 h-y-container h-column__content h-column__v-align flex-basis-100 align-self-lg-center align-self-md-center align-self-center\">\r\n                <!---->\r\n                <div data-colibri-id=\"1149-c23\" class=\"h-global-transition-all h-heading style-867 style-local-1149-c23 position-relative h-element\">\r\n                  <!---->\r\n                  <div class=\"h-heading__outer style-867 style-local-1149-c23\">\r\n                    <!---->\r\n                    <!---->\r\n                    <h4 class=\"\">Beschaffungen des F\u00f6rdervereins :<\/h4>\r\n                  <\/div>\r\n                <\/div>\r\n                <div data-colibri-id=\"1149-c24\" class=\"h-text h-text-component style-875 style-local-1149-c24 position-relative h-element\">\r\n                  <!---->\r\n                  <!---->\r\n                  <div class=\"\">\r\n                    <p><span style=\"font-weight: 600; font-size: 16px; font-family: &quot;Open Sans&quot;; color: rgb(51, 51, 51);\">Der Logistik-Anh\u00e4nger wurde z.B. durch den F\u00f6rderverein der Ortsfeuerwehr Brinkum e.V. im Jahr 2010 angeschafft<\/span><\/p>\r\n                  <\/div>\r\n                <\/div>\r\n              <\/div>\r\n            <\/div>\r\n          <\/div>\r\n          <div class=\"h-column h-column-container d-flex h-col-lg-auto h-col-md-auto h-col-auto style-872-outer style-local-1149-c25-outer\">\r\n            <div data-colibri-id=\"1149-c25\" class=\"d-flex h-flex-basis h-column__inner h-px-lg-2 h-px-md-2 h-px-2 v-inner-lg-2 v-inner-md-2 v-inner-2 style-872 style-local-1149-c25 position-relative\">\r\n              <!---->\r\n              <!---->\r\n              <div class=\"w-100 h-y-container h-column__content h-column__v-align flex-basis-100 align-self-lg-center align-self-md-center align-self-center\">\r\n                <!---->\r\n                <div data-colibri-id=\"1149-c26\" class=\"d-block style-874 style-local-1149-c26 position-relative h-element\">\r\n                  <!---->\r\n                  <div class=\"h-image__frame-container-outer\">\r\n                    <div class=\"h-image__frame-container\">\r\n                      <!---->\r\n                      <!---->\r\n                      <img loading=\"lazy\" decoding=\"async\" width=\"600\" height=\"400\" src=\"https:\/\/fv-feuerwehrbrinkum.de\/wp-content\/uploads\/2024\/02\/cache_43565332.jpg\" class=\"wp-image-1180 style-874-image style-local-1149-c26-image\" alt=\"\" srcset=\"https:\/\/fv-feuerwehrbrinkum.de\/wp-content\/uploads\/2024\/02\/cache_43565332.jpg 600w, https:\/\/fv-feuerwehrbrinkum.de\/wp-content\/uploads\/2024\/02\/cache_43565332-300x200.jpg 300w\" sizes=\"auto, (max-width: 600px) 100vw, 600px\" \/>\r\n                      <div class=\"h-image__frame h-hide-lg h-hide-md h-hide-sm style-874-frameImage style-local-1149-c26-frameImage\"><\/div>\r\n                    <\/div>\r\n                  <\/div>\r\n                <\/div>\r\n              <\/div>\r\n            <\/div>\r\n          <\/div>\r\n        <\/div>\r\n      <\/div>\r\n    <\/div>\r\n  <\/div>\r\n  <div data-colibri-component=\"section\" data-colibri-id=\"1149-c27\" id=\"features\" class=\"h-section h-section-global-spacing d-flex align-items-lg-center align-items-md-center align-items-center style-938 style-local-1149-c27 position-relative\">\r\n    <!---->\r\n    <!---->\r\n    <div class=\"h-section-grid-container h-section-boxed-container\">\r\n      <div data-colibri-id=\"1149-c45\" class=\"h-row-container gutters-row-lg-2 gutters-row-md-2 gutters-row-0 gutters-row-v-lg-2 gutters-row-v-md-2 gutters-row-v-2 style-946 style-local-1149-c45 position-relative\">\r\n        <!---->\r\n        <div class=\"h-row justify-content-lg-center justify-content-md-center justify-content-center align-items-lg-center align-items-md-center align-items-center gutters-col-lg-2 gutters-col-md-2 gutters-col-0 gutters-col-v-lg-2 gutters-col-v-md-2 gutters-col-v-2\">\r\n          <!---->\r\n          <div class=\"h-column h-column-container d-flex h-col-lg-auto h-col-md-auto h-col-auto align-self-lg-center align-self-md-center align-self-center style-947-outer style-local-1149-c46-outer\">\r\n            <div data-colibri-id=\"1149-c46\" class=\"d-flex h-flex-basis h-column__inner h-px-lg-2 h-px-md-2 h-px-2 v-inner-lg-2 v-inner-md-2 v-inner-2 style-947 style-local-1149-c46 position-relative\">\r\n              <!---->\r\n              <!---->\r\n              <div class=\"w-100 h-y-container h-column__content h-column__v-align flex-basis-100 align-self-lg-start align-self-md-start align-self-start\">\r\n                <!---->\r\n                <div data-colibri-id=\"1149-c47\" class=\"h-global-transition-all h-heading style-948 style-local-1149-c47 position-relative h-element\">\r\n                  <!---->\r\n                  <div class=\"h-heading__outer style-948 style-local-1149-c47\">\r\n                    <!---->\r\n                    <!---->\r\n                    <h2 class=\"\">Weitere Beschaffungen des F\u00f6rdervereins :<\/h2>\r\n                  <\/div>\r\n                <\/div>\r\n              <\/div>\r\n            <\/div>\r\n          <\/div>\r\n        <\/div>\r\n      <\/div>\r\n      <div data-colibri-id=\"1149-c28\" class=\"h-row-container gutters-row-lg-1 gutters-row-md-1 gutters-row-2 gutters-row-v-lg-1 gutters-row-v-md-1 gutters-row-v-2 style-939 style-local-1149-c28 position-relative\">\r\n        <!---->\r\n        <div class=\"h-row justify-content-lg-center justify-content-md-center justify-content-center align-items-lg-stretch align-items-md-stretch align-items-stretch gutters-col-lg-1 gutters-col-md-1 gutters-col-2 gutters-col-v-lg-1 gutters-col-v-md-1 gutters-col-v-2\">\r\n          <!---->\r\n          <div class=\"h-column h-column-container d-flex h-col-lg-3 h-col-md-6 h-col-12 style-940-outer style-local-1149-c29-outer\">\r\n            <div data-colibri-id=\"1149-c29\" class=\"d-flex h-flex-basis h-column__inner h-px-lg-3 h-px-md-3 h-px-2 v-inner-lg-3 v-inner-md-3 v-inner-2 style-940 style-local-1149-c29 position-relative\">\r\n              <!---->\r\n              <!---->\r\n              <div class=\"w-100 h-y-container h-column__content h-column__v-align flex-basis-100 align-self-lg-center align-self-md-center align-self-center\">\r\n                <!---->\r\n                <div data-colibri-id=\"1149-c30\" class=\"d-block style-1264 style-local-1149-c30 position-relative h-element\">\r\n                  <!---->\r\n                  <div class=\"h-image__frame-container-outer\">\r\n                    <div class=\"h-image__frame-container\">\r\n                      <!---->\r\n                      <!---->\r\n                      <img loading=\"lazy\" decoding=\"async\" width=\"1200\" height=\"1253\" src=\"https:\/\/fv-feuerwehrbrinkum.de\/wp-content\/uploads\/2024\/04\/cropped-WhatsApp-Image-2024-04-03-at-19.40.04.jpeg\" class=\"wp-image-1911 style-1264-image style-local-1149-c30-image\" alt=\"\" srcset=\"https:\/\/fv-feuerwehrbrinkum.de\/wp-content\/uploads\/2024\/04\/cropped-WhatsApp-Image-2024-04-03-at-19.40.04.jpeg 1200w, https:\/\/fv-feuerwehrbrinkum.de\/wp-content\/uploads\/2024\/04\/cropped-WhatsApp-Image-2024-04-03-at-19.40.04-287x300.jpeg 287w, https:\/\/fv-feuerwehrbrinkum.de\/wp-content\/uploads\/2024\/04\/cropped-WhatsApp-Image-2024-04-03-at-19.40.04-981x1024.jpeg 981w, https:\/\/fv-feuerwehrbrinkum.de\/wp-content\/uploads\/2024\/04\/cropped-WhatsApp-Image-2024-04-03-at-19.40.04-768x802.jpeg 768w\" sizes=\"auto, (max-width: 1200px) 100vw, 1200px\" \/>\r\n                      <div class=\"h-image__frame h-hide-lg h-hide-md h-hide-sm style-1264-frameImage style-local-1149-c30-frameImage\"><\/div>\r\n                    <\/div>\r\n                  <\/div>\r\n                <\/div>\r\n                <div data-colibri-id=\"1149-c31\" class=\"h-global-transition-all h-heading style-942 style-local-1149-c31 position-relative h-element\">\r\n                  <!---->\r\n                  <div class=\"h-heading__outer style-942 style-local-1149-c31\">\r\n                    <!---->\r\n                    <!---->\r\n                    <h4 class=\"\">TH-Handschuhe<\/h4>\r\n                  <\/div>\r\n                <\/div>\r\n                <div data-colibri-id=\"1149-c32\" class=\"h-text h-text-component style-943 style-local-1149-c32 position-relative h-element\">\r\n                  <!---->\r\n                  <!---->\r\n                  <div class=\"\">\r\n                    <p>Handschuhe f\u00fcr die&nbsp; technische Hilfeleistung<\/p>\r\n                  <\/div>\r\n                <\/div>\r\n              <\/div>\r\n            <\/div>\r\n          <\/div>\r\n          <div class=\"h-column h-column-container d-flex h-col-lg-3 h-col-md-6 h-col-12 style-940-outer style-local-1149-c33-outer\">\r\n            <div data-colibri-id=\"1149-c33\" class=\"d-flex h-flex-basis h-column__inner h-px-lg-3 h-px-md-3 h-px-2 v-inner-lg-3 v-inner-md-3 v-inner-2 style-940 style-local-1149-c33 position-relative\">\r\n              <!---->\r\n              <!---->\r\n              <div class=\"w-100 h-y-container h-column__content h-column__v-align flex-basis-100 align-self-lg-center align-self-md-center align-self-center\">\r\n                <!---->\r\n                <div data-colibri-id=\"1149-c34\" class=\"d-block style-1265 style-local-1149-c34 position-relative h-element\">\r\n                  <!---->\r\n                  <div class=\"h-image__frame-container-outer\">\r\n                    <div class=\"h-image__frame-container\">\r\n                      <!---->\r\n                      <!---->\r\n                      <img loading=\"lazy\" decoding=\"async\" width=\"739\" height=\"1088\" src=\"https:\/\/fv-feuerwehrbrinkum.de\/wp-content\/uploads\/2024\/04\/cropped-WhatsApp-Image-2024-04-03-at-19.40.47.jpeg\" class=\"wp-image-1913 style-1265-image style-local-1149-c34-image\" alt=\"\" srcset=\"https:\/\/fv-feuerwehrbrinkum.de\/wp-content\/uploads\/2024\/04\/cropped-WhatsApp-Image-2024-04-03-at-19.40.47.jpeg 739w, https:\/\/fv-feuerwehrbrinkum.de\/wp-content\/uploads\/2024\/04\/cropped-WhatsApp-Image-2024-04-03-at-19.40.47-204x300.jpeg 204w, https:\/\/fv-feuerwehrbrinkum.de\/wp-content\/uploads\/2024\/04\/cropped-WhatsApp-Image-2024-04-03-at-19.40.47-696x1024.jpeg 696w\" sizes=\"auto, (max-width: 739px) 100vw, 739px\" \/>\r\n                      <div class=\"h-image__frame h-hide-lg h-hide-md h-hide-sm style-1265-frameImage style-local-1149-c34-frameImage\"><\/div>\r\n                    <\/div>\r\n                  <\/div>\r\n                <\/div>\r\n                <div data-colibri-id=\"1149-c35\" class=\"h-global-transition-all h-heading style-942 style-local-1149-c35 position-relative h-element\">\r\n                  <!---->\r\n                  <div class=\"h-heading__outer style-942 style-local-1149-c35\">\r\n                    <!---->\r\n                    <!---->\r\n                    <h4 class=\"\">Monitore + Drucker<\/h4>\r\n                  <\/div>\r\n                <\/div>\r\n                <div data-colibri-id=\"1149-c36\" class=\"h-text h-text-component style-943 style-local-1149-c36 position-relative h-element\">\r\n                  <!---->\r\n                  <!---->\r\n                  <div class=\"\">\r\n                    <p>Mehrere Bildschirme in der Fahrzeughalle und den Umkleiden. Dazu ein Drucker f\u00fcr Einsatzdaten<\/p>\r\n                  <\/div>\r\n                <\/div>\r\n              <\/div>\r\n            <\/div>\r\n          <\/div>\r\n          <div class=\"h-column h-column-container d-flex h-col-lg-3 h-col-md-6 h-col-12 style-940-outer style-local-1149-c37-outer\">\r\n            <div data-colibri-id=\"1149-c37\" class=\"d-flex h-flex-basis h-column__inner h-px-lg-3 h-px-md-3 h-px-2 v-inner-lg-3 v-inner-md-3 v-inner-2 style-940 style-local-1149-c37 position-relative\">\r\n              <!---->\r\n              <!---->\r\n              <div class=\"w-100 h-y-container h-column__content h-column__v-align flex-basis-100 align-self-lg-center align-self-md-center align-self-center\">\r\n                <!---->\r\n                <div data-colibri-id=\"1149-c38\" class=\"d-block style-1266 style-local-1149-c38 position-relative h-element\">\r\n                  <!---->\r\n                  <div class=\"h-image__frame-container-outer\">\r\n                    <div class=\"h-image__frame-container\">\r\n                      <!---->\r\n                      <!---->\r\n                      <img loading=\"lazy\" decoding=\"async\" width=\"917\" height=\"775\" src=\"https:\/\/fv-feuerwehrbrinkum.de\/wp-content\/uploads\/2024\/04\/cropped-WhatsApp-Image-2024-04-03-at-19.41.14.jpeg\" class=\"wp-image-1915 style-1266-image style-local-1149-c38-image\" alt=\"\" srcset=\"https:\/\/fv-feuerwehrbrinkum.de\/wp-content\/uploads\/2024\/04\/cropped-WhatsApp-Image-2024-04-03-at-19.41.14.jpeg 917w, https:\/\/fv-feuerwehrbrinkum.de\/wp-content\/uploads\/2024\/04\/cropped-WhatsApp-Image-2024-04-03-at-19.41.14-300x254.jpeg 300w, https:\/\/fv-feuerwehrbrinkum.de\/wp-content\/uploads\/2024\/04\/cropped-WhatsApp-Image-2024-04-03-at-19.41.14-768x649.jpeg 768w\" sizes=\"auto, (max-width: 917px) 100vw, 917px\" \/>\r\n                      <div class=\"h-image__frame h-hide-lg h-hide-md h-hide-sm style-1266-frameImage style-local-1149-c38-frameImage\"><\/div>\r\n                    <\/div>\r\n                  <\/div>\r\n                <\/div>\r\n                <div data-colibri-id=\"1149-c39\" class=\"h-global-transition-all h-heading style-942 style-local-1149-c39 position-relative h-element\">\r\n                  <!---->\r\n                  <div class=\"h-heading__outer style-942 style-local-1149-c39\">\r\n                    <!---->\r\n                    <!---->\r\n                    <h4 class=\"\">Container<\/h4>\r\n                  <\/div>\r\n                <\/div>\r\n                <div data-colibri-id=\"1149-c40\" class=\"h-text h-text-component style-943 style-local-1149-c40 position-relative h-element\">\r\n                  <!---->\r\n                  <!---->\r\n                  <div class=\"\">\r\n                    <p>Container als Lagerraum,<\/p>\r\n                  <\/div>\r\n                <\/div>\r\n              <\/div>\r\n            <\/div>\r\n          <\/div>\r\n          <div class=\"h-column h-column-container d-flex h-col-lg-3 h-col-md-6 h-col-12 style-940-outer style-local-1149-c41-outer\">\r\n            <div data-colibri-id=\"1149-c41\" class=\"d-flex h-flex-basis h-column__inner h-px-lg-3 h-px-md-3 h-px-2 v-inner-lg-3 v-inner-md-3 v-inner-2 style-940 style-local-1149-c41 position-relative\">\r\n              <!---->\r\n              <!---->\r\n              <div class=\"w-100 h-y-container h-column__content h-column__v-align flex-basis-100 align-self-lg-center align-self-md-center align-self-center\">\r\n                <!---->\r\n                <div data-colibri-id=\"1149-c42\" class=\"d-block style-1267 style-local-1149-c42 position-relative h-element\">\r\n                  <!---->\r\n                  <div class=\"h-image__frame-container-outer\">\r\n                    <div class=\"h-image__frame-container\">\r\n                      <!---->\r\n                      <!---->\r\n                      <img loading=\"lazy\" decoding=\"async\" width=\"1030\" height=\"1236\" src=\"https:\/\/fv-feuerwehrbrinkum.de\/wp-content\/uploads\/2024\/04\/cropped-WhatsApp-Image-2024-04-03-at-19.39.34.jpeg\" class=\"wp-image-1917 style-1267-image style-local-1149-c42-image\" alt=\"\" srcset=\"https:\/\/fv-feuerwehrbrinkum.de\/wp-content\/uploads\/2024\/04\/cropped-WhatsApp-Image-2024-04-03-at-19.39.34.jpeg 1030w, https:\/\/fv-feuerwehrbrinkum.de\/wp-content\/uploads\/2024\/04\/cropped-WhatsApp-Image-2024-04-03-at-19.39.34-250x300.jpeg 250w, https:\/\/fv-feuerwehrbrinkum.de\/wp-content\/uploads\/2024\/04\/cropped-WhatsApp-Image-2024-04-03-at-19.39.34-853x1024.jpeg 853w, https:\/\/fv-feuerwehrbrinkum.de\/wp-content\/uploads\/2024\/04\/cropped-WhatsApp-Image-2024-04-03-at-19.39.34-768x922.jpeg 768w\" sizes=\"auto, (max-width: 1030px) 100vw, 1030px\" \/>\r\n                      <div class=\"h-image__frame h-hide-lg h-hide-md h-hide-sm style-1267-frameImage style-local-1149-c42-frameImage\"><\/div>\r\n                    <\/div>\r\n                  <\/div>\r\n                <\/div>\r\n                <div data-colibri-id=\"1149-c43\" class=\"h-global-transition-all h-heading style-942 style-local-1149-c43 position-relative h-element\">\r\n                  <!---->\r\n                  <div class=\"h-heading__outer style-942 style-local-1149-c43\">\r\n                    <!---->\r\n                    <!---->\r\n                    <h4 class=\"\">Bierzeltgarnituren<\/h4>\r\n                  <\/div>\r\n                <\/div>\r\n                <div data-colibri-id=\"1149-c44\" class=\"h-text h-text-component style-943 style-local-1149-c44 position-relative h-element\">\r\n                  <!---->\r\n                  <!---->\r\n                  <div class=\"\">\r\n                    <p>Bierzeltgarnituren f\u00fcr Veranstaltungen wie das Osterfeuer oder den Tag der Feuerwehr&nbsp;<\/p>\r\n                  <\/div>\r\n                <\/div>\r\n              <\/div>\r\n            <\/div>\r\n          <\/div>\r\n          <div class=\"h-column h-column-container d-flex h-col-lg-3 h-col-md-6 h-col-12 style-940-outer style-local-1149-c48-outer\">\r\n            <div data-colibri-id=\"1149-c48\" class=\"d-flex h-flex-basis h-column__inner h-px-lg-3 h-px-md-3 h-px-2 v-inner-lg-3 v-inner-md-3 v-inner-2 style-940 style-local-1149-c48 position-relative\">\r\n              <!---->\r\n              <!---->\r\n              <div class=\"w-100 h-y-container h-column__content h-column__v-align flex-basis-100 align-self-lg-center align-self-md-center align-self-center\">\r\n                <!---->\r\n                <div data-colibri-id=\"1149-c49\" class=\"d-block style-1264 style-local-1149-c49 position-relative h-element\">\r\n                  <!---->\r\n                  <div class=\"h-image__frame-container-outer\">\r\n                    <div class=\"h-image__frame-container\">\r\n                      <!---->\r\n                      <!---->\r\n                      <img loading=\"lazy\" decoding=\"async\" width=\"1600\" height=\"1200\" src=\"https:\/\/fv-feuerwehrbrinkum.de\/wp-content\/uploads\/2024\/04\/WhatsApp-Image-2024-04-15-at-21.41.56.jpeg\" class=\"wp-image-2125 style-1264-image style-local-1149-c49-image\" alt=\"\" srcset=\"https:\/\/fv-feuerwehrbrinkum.de\/wp-content\/uploads\/2024\/04\/WhatsApp-Image-2024-04-15-at-21.41.56.jpeg 1600w, https:\/\/fv-feuerwehrbrinkum.de\/wp-content\/uploads\/2024\/04\/WhatsApp-Image-2024-04-15-at-21.41.56-300x225.jpeg 300w, https:\/\/fv-feuerwehrbrinkum.de\/wp-content\/uploads\/2024\/04\/WhatsApp-Image-2024-04-15-at-21.41.56-1024x768.jpeg 1024w, https:\/\/fv-feuerwehrbrinkum.de\/wp-content\/uploads\/2024\/04\/WhatsApp-Image-2024-04-15-at-21.41.56-768x576.jpeg 768w, https:\/\/fv-feuerwehrbrinkum.de\/wp-content\/uploads\/2024\/04\/WhatsApp-Image-2024-04-15-at-21.41.56-1536x1152.jpeg 1536w\" sizes=\"auto, (max-width: 1600px) 100vw, 1600px\" \/>\r\n                      <div class=\"h-image__frame h-hide-lg h-hide-md h-hide-sm style-1264-frameImage style-local-1149-c49-frameImage\"><\/div>\r\n                    <\/div>\r\n                  <\/div>\r\n                <\/div>\r\n                <div data-colibri-id=\"1149-c50\" class=\"h-global-transition-all h-heading style-942 style-local-1149-c50 position-relative h-element\">\r\n                  <!---->\r\n                  <div class=\"h-heading__outer style-942 style-local-1149-c50\">\r\n                    <!---->\r\n                    <!---->\r\n                    <h4 class=\"\">Knarrenkasten<\/h4>\r\n                  <\/div>\r\n                <\/div>\r\n                <div data-colibri-id=\"1149-c51\" class=\"h-text h-text-component style-943 style-local-1149-c51 position-relative h-element\">\r\n                  <!---->\r\n                  <!---->\r\n                  <div class=\"\">\r\n                    <p>f\u00fcr die&nbsp;technische Hilfeleistung bei Verkehrsunf\u00e4llen<\/p>\r\n                  <\/div>\r\n                <\/div>\r\n              <\/div>\r\n            <\/div>\r\n          <\/div>\r\n        <\/div>\r\n      <\/div>\r\n    <\/div>\r\n  <\/div>\r\n<\/div>","protected":false},"excerpt":{"rendered":"<p>Was wir machen Der F\u00f6rderverein der Ortsfeuerwehr Brinkum : Unterst\u00fctzt die Ortsfeuerwehr Brinkum mit ihren Aufgaben, das Feuerwehrwesen zuf\u00f6rdern Unterst\u00fctzt die \u00d6ffentlichkeitsarbeit der Ortsfeuerwehr Brinkum F\u00f6rdert die Bereitschaft der jugendlichen zur Mitarbeit in der Jugendfeuerwehr F\u00f6rdert die Anerkennung der ehrenamtlichen T\u00e4tigkeit in den Bereichen Brandschutz und Technische Hilfe Vermittelt Zuwendungen aus Spenden, \u00f6ffentlichen Mitteln und [&hellip;]<\/p>\n","protected":false},"author":1,"featured_media":0,"parent":0,"menu_order":0,"comment_status":"closed","ping_status":"closed","template":"page-templates\/full-width-page.php","meta":{"footnotes":""},"class_list":["post-1149","page","type-page","status-publish","hentry"],"yoast_head":"<!-- This site is optimized with the Yoast SEO plugin v27.5 - https:\/\/yoast.com\/product\/yoast-seo-wordpress\/ -->\n<title>F\u00f6rderverein Feuerwehr Brinkum - F\u00f6rderverein Feuerwehr Brinkum<\/title>\n<meta name=\"robots\" content=\"index, follow, max-snippet:-1, max-image-preview:large, max-video-preview:-1\" \/>\n<link rel=\"canonical\" href=\"https:\/\/fv-feuerwehrbrinkum.de\/?page_id=1149\" \/>\n<meta property=\"og:locale\" content=\"de_DE\" \/>\n<meta property=\"og:type\" content=\"article\" \/>\n<meta property=\"og:title\" content=\"F\u00f6rderverein Feuerwehr Brinkum - F\u00f6rderverein Feuerwehr Brinkum\" \/>\n<meta property=\"og:description\" content=\"Was wir machen Der F\u00f6rderverein der Ortsfeuerwehr Brinkum : Unterst\u00fctzt die Ortsfeuerwehr Brinkum mit ihren Aufgaben, das Feuerwehrwesen zuf\u00f6rdern Unterst\u00fctzt die \u00d6ffentlichkeitsarbeit der Ortsfeuerwehr Brinkum F\u00f6rdert die Bereitschaft der jugendlichen zur Mitarbeit in der Jugendfeuerwehr F\u00f6rdert die Anerkennung der ehrenamtlichen T\u00e4tigkeit in den Bereichen Brandschutz und Technische Hilfe Vermittelt Zuwendungen aus Spenden, \u00f6ffentlichen Mitteln und [&hellip;]\" \/>\n<meta property=\"og:url\" content=\"https:\/\/fv-feuerwehrbrinkum.de\/?page_id=1149\" \/>\n<meta property=\"og:site_name\" content=\"F\u00f6rderverein Feuerwehr Brinkum\" \/>\n<meta property=\"article:modified_time\" content=\"2024-09-28T14:41:39+00:00\" \/>\n<meta property=\"og:image\" content=\"https:\/\/fv-feuerwehrbrinkum.de\/wp-content\/uploads\/2024\/02\/cache_43565332.jpg\" \/>\n<meta name=\"twitter:card\" content=\"summary_large_image\" \/>\n<meta name=\"twitter:label1\" content=\"Gesch\u00e4tzte Lesezeit\" \/>\n\t<meta name=\"twitter:data1\" content=\"2\u00a0Minuten\" \/>\n<script type=\"application\/ld+json\" class=\"yoast-schema-graph\">{\"@context\":\"https:\\\/\\\/schema.org\",\"@graph\":[{\"@type\":\"WebPage\",\"@id\":\"https:\\\/\\\/fv-feuerwehrbrinkum.de\\\/?page_id=1149\",\"url\":\"https:\\\/\\\/fv-feuerwehrbrinkum.de\\\/?page_id=1149\",\"name\":\"F\u00f6rderverein Feuerwehr Brinkum - F\u00f6rderverein Feuerwehr Brinkum\",\"isPartOf\":{\"@id\":\"https:\\\/\\\/fv-feuerwehrbrinkum.de\\\/#website\"},\"primaryImageOfPage\":{\"@id\":\"https:\\\/\\\/fv-feuerwehrbrinkum.de\\\/?page_id=1149#primaryimage\"},\"image\":{\"@id\":\"https:\\\/\\\/fv-feuerwehrbrinkum.de\\\/?page_id=1149#primaryimage\"},\"thumbnailUrl\":\"https:\\\/\\\/fv-feuerwehrbrinkum.de\\\/wp-content\\\/uploads\\\/2024\\\/02\\\/cache_43565332.jpg\",\"datePublished\":\"2024-02-15T16:57:53+00:00\",\"dateModified\":\"2024-09-28T14:41:39+00:00\",\"breadcrumb\":{\"@id\":\"https:\\\/\\\/fv-feuerwehrbrinkum.de\\\/?page_id=1149#breadcrumb\"},\"inLanguage\":\"de\",\"potentialAction\":[{\"@type\":\"ReadAction\",\"target\":[\"https:\\\/\\\/fv-feuerwehrbrinkum.de\\\/?page_id=1149\"]}]},{\"@type\":\"ImageObject\",\"inLanguage\":\"de\",\"@id\":\"https:\\\/\\\/fv-feuerwehrbrinkum.de\\\/?page_id=1149#primaryimage\",\"url\":\"https:\\\/\\\/fv-feuerwehrbrinkum.de\\\/wp-content\\\/uploads\\\/2024\\\/02\\\/cache_43565332.jpg\",\"contentUrl\":\"https:\\\/\\\/fv-feuerwehrbrinkum.de\\\/wp-content\\\/uploads\\\/2024\\\/02\\\/cache_43565332.jpg\",\"width\":600,\"height\":400},{\"@type\":\"BreadcrumbList\",\"@id\":\"https:\\\/\\\/fv-feuerwehrbrinkum.de\\\/?page_id=1149#breadcrumb\",\"itemListElement\":[{\"@type\":\"ListItem\",\"position\":1,\"name\":\"Startseite\",\"item\":\"https:\\\/\\\/fv-feuerwehrbrinkum.de\\\/\"},{\"@type\":\"ListItem\",\"position\":2,\"name\":\"F\u00f6rderverein Feuerwehr Brinkum\"}]},{\"@type\":\"WebSite\",\"@id\":\"https:\\\/\\\/fv-feuerwehrbrinkum.de\\\/#website\",\"url\":\"https:\\\/\\\/fv-feuerwehrbrinkum.de\\\/\",\"name\":\"F\u00f6rderverein Feuerwehr Brinkum\",\"description\":\"\",\"potentialAction\":[{\"@type\":\"SearchAction\",\"target\":{\"@type\":\"EntryPoint\",\"urlTemplate\":\"https:\\\/\\\/fv-feuerwehrbrinkum.de\\\/?s={search_term_string}\"},\"query-input\":{\"@type\":\"PropertyValueSpecification\",\"valueRequired\":true,\"valueName\":\"search_term_string\"}}],\"inLanguage\":\"de\"}]}<\/script>\n<!-- \/ Yoast SEO plugin. -->","yoast_head_json":{"title":"F\u00f6rderverein Feuerwehr Brinkum - F\u00f6rderverein Feuerwehr Brinkum","robots":{"index":"index","follow":"follow","max-snippet":"max-snippet:-1","max-image-preview":"max-image-preview:large","max-video-preview":"max-video-preview:-1"},"canonical":"https:\/\/fv-feuerwehrbrinkum.de\/?page_id=1149","og_locale":"de_DE","og_type":"article","og_title":"F\u00f6rderverein Feuerwehr Brinkum - F\u00f6rderverein Feuerwehr Brinkum","og_description":"Was wir machen Der F\u00f6rderverein der Ortsfeuerwehr Brinkum : Unterst\u00fctzt die Ortsfeuerwehr Brinkum mit ihren Aufgaben, das Feuerwehrwesen zuf\u00f6rdern Unterst\u00fctzt die \u00d6ffentlichkeitsarbeit der Ortsfeuerwehr Brinkum F\u00f6rdert die Bereitschaft der jugendlichen zur Mitarbeit in der Jugendfeuerwehr F\u00f6rdert die Anerkennung der ehrenamtlichen T\u00e4tigkeit in den Bereichen Brandschutz und Technische Hilfe Vermittelt Zuwendungen aus Spenden, \u00f6ffentlichen Mitteln und [&hellip;]","og_url":"https:\/\/fv-feuerwehrbrinkum.de\/?page_id=1149","og_site_name":"F\u00f6rderverein Feuerwehr Brinkum","article_modified_time":"2024-09-28T14:41:39+00:00","og_image":[{"url":"https:\/\/fv-feuerwehrbrinkum.de\/wp-content\/uploads\/2024\/02\/cache_43565332.jpg","type":"","width":"","height":""}],"twitter_card":"summary_large_image","twitter_misc":{"Gesch\u00e4tzte Lesezeit":"2\u00a0Minuten"},"schema":{"@context":"https:\/\/schema.org","@graph":[{"@type":"WebPage","@id":"https:\/\/fv-feuerwehrbrinkum.de\/?page_id=1149","url":"https:\/\/fv-feuerwehrbrinkum.de\/?page_id=1149","name":"F\u00f6rderverein Feuerwehr Brinkum - F\u00f6rderverein Feuerwehr Brinkum","isPartOf":{"@id":"https:\/\/fv-feuerwehrbrinkum.de\/#website"},"primaryImageOfPage":{"@id":"https:\/\/fv-feuerwehrbrinkum.de\/?page_id=1149#primaryimage"},"image":{"@id":"https:\/\/fv-feuerwehrbrinkum.de\/?page_id=1149#primaryimage"},"thumbnailUrl":"https:\/\/fv-feuerwehrbrinkum.de\/wp-content\/uploads\/2024\/02\/cache_43565332.jpg","datePublished":"2024-02-15T16:57:53+00:00","dateModified":"2024-09-28T14:41:39+00:00","breadcrumb":{"@id":"https:\/\/fv-feuerwehrbrinkum.de\/?page_id=1149#breadcrumb"},"inLanguage":"de","potentialAction":[{"@type":"ReadAction","target":["https:\/\/fv-feuerwehrbrinkum.de\/?page_id=1149"]}]},{"@type":"ImageObject","inLanguage":"de","@id":"https:\/\/fv-feuerwehrbrinkum.de\/?page_id=1149#primaryimage","url":"https:\/\/fv-feuerwehrbrinkum.de\/wp-content\/uploads\/2024\/02\/cache_43565332.jpg","contentUrl":"https:\/\/fv-feuerwehrbrinkum.de\/wp-content\/uploads\/2024\/02\/cache_43565332.jpg","width":600,"height":400},{"@type":"BreadcrumbList","@id":"https:\/\/fv-feuerwehrbrinkum.de\/?page_id=1149#breadcrumb","itemListElement":[{"@type":"ListItem","position":1,"name":"Startseite","item":"https:\/\/fv-feuerwehrbrinkum.de\/"},{"@type":"ListItem","position":2,"name":"F\u00f6rderverein Feuerwehr Brinkum"}]},{"@type":"WebSite","@id":"https:\/\/fv-feuerwehrbrinkum.de\/#website","url":"https:\/\/fv-feuerwehrbrinkum.de\/","name":"F\u00f6rderverein Feuerwehr Brinkum","description":"","potentialAction":[{"@type":"SearchAction","target":{"@type":"EntryPoint","urlTemplate":"https:\/\/fv-feuerwehrbrinkum.de\/?s={search_term_string}"},"query-input":{"@type":"PropertyValueSpecification","valueRequired":true,"valueName":"search_term_string"}}],"inLanguage":"de"}]}},"_links":{"self":[{"href":"https:\/\/fv-feuerwehrbrinkum.de\/index.php?rest_route=\/wp\/v2\/pages\/1149","targetHints":{"allow":["GET"]}}],"collection":[{"href":"https:\/\/fv-feuerwehrbrinkum.de\/index.php?rest_route=\/wp\/v2\/pages"}],"about":[{"href":"https:\/\/fv-feuerwehrbrinkum.de\/index.php?rest_route=\/wp\/v2\/types\/page"}],"author":[{"embeddable":true,"href":"https:\/\/fv-feuerwehrbrinkum.de\/index.php?rest_route=\/wp\/v2\/users\/1"}],"replies":[{"embeddable":true,"href":"https:\/\/fv-feuerwehrbrinkum.de\/index.php?rest_route=%2Fwp%2Fv2%2Fcomments&post=1149"}],"version-history":[{"count":14,"href":"https:\/\/fv-feuerwehrbrinkum.de\/index.php?rest_route=\/wp\/v2\/pages\/1149\/revisions"}],"predecessor-version":[{"id":2127,"href":"https:\/\/fv-feuerwehrbrinkum.de\/index.php?rest_route=\/wp\/v2\/pages\/1149\/revisions\/2127"}],"wp:attachment":[{"href":"https:\/\/fv-feuerwehrbrinkum.de\/index.php?rest_route=%2Fwp%2Fv2%2Fmedia&parent=1149"}],"curies":[{"name":"wp","href":"https:\/\/api.w.org\/{rel}","templated":true}]}}