{"id":3001,"date":"2026-05-01T08:59:20","date_gmt":"2026-05-01T08:59:20","guid":{"rendered":"https:\/\/fv-feuerwehrbrinkum.de\/?page_id=3001"},"modified":"2026-05-01T09:13:52","modified_gmt":"2026-05-01T09:13:52","slug":"colibri-3001","status":"publish","type":"page","link":"https:\/\/fv-feuerwehrbrinkum.de\/?page_id=3001","title":{"rendered":"Osterfeuer 2026"},"content":{"rendered":"<div data-colibri-id=\"3001-c1\" class=\"style-1369 style-local-3001-c1 position-relative\">\n  <!---->\n  <div data-colibri-component=\"section\" data-colibri-id=\"3001-c2\" id=\"custom\" class=\"h-section h-section-global-spacing d-flex align-items-lg-center align-items-md-center align-items-center style-1370 style-local-3001-c2 position-relative\">\n    <!---->\n    <!---->\n    <div class=\"h-section-grid-container h-section-boxed-container\">\n      <!---->\n      <div data-colibri-id=\"3001-c3\" class=\"h-row-container gutters-row-lg-2 gutters-row-md-2 gutters-row-0 gutters-row-v-lg-2 gutters-row-v-md-2 gutters-row-v-2 style-1371 style-local-3001-c3 position-relative\">\n        <!---->\n        <div class=\"h-row justify-content-lg-center justify-content-md-center justify-content-center align-items-lg-stretch align-items-md-stretch align-items-stretch gutters-col-lg-2 gutters-col-md-2 gutters-col-0 gutters-col-v-lg-2 gutters-col-v-md-2 gutters-col-v-2\">\n          <!---->\n          <div class=\"h-column h-column-container d-flex h-col-lg-auto h-col-md-auto h-col-auto style-1372-outer style-local-3001-c4-outer\">\n            <div data-colibri-id=\"3001-c4\" class=\"d-flex h-flex-basis h-column__inner h-px-lg-2 h-px-md-2 h-px-2 v-inner-lg-2 v-inner-md-2 v-inner-2 style-1372 style-local-3001-c4 position-relative\">\n              <!---->\n              <!---->\n              <div class=\"w-100 h-y-container h-column__content h-column__v-align flex-basis-100 align-self-lg-start align-self-md-start align-self-start\">\n                <!---->\n                <div data-colibri-id=\"3001-c5\" class=\"h-global-transition-all h-heading style-1373 style-local-3001-c5 position-relative h-element\">\n                  <!---->\n                  <div class=\"h-heading__outer style-1373 style-local-3001-c5\">\n                    <!---->\n                    <!---->\n                    <h1 class=\"\">\n                      <br>Osterfeuer 2026 auf neuem Festplatz<\/h1>\n                  <\/div>\n                <\/div>\n              <\/div>\n            <\/div>\n          <\/div>\n        <\/div>\n      <\/div>\n      <div data-colibri-id=\"3001-c6\" class=\"h-row-container gutters-row-lg-2 gutters-row-md-2 gutters-row-0 gutters-row-v-lg-2 gutters-row-v-md-2 gutters-row-v-2 style-1374 style-local-3001-c6 position-relative\">\n        <!---->\n        <div class=\"h-row justify-content-lg-center justify-content-md-center justify-content-center align-items-lg-stretch align-items-md-stretch align-items-stretch gutters-col-lg-2 gutters-col-md-2 gutters-col-0 gutters-col-v-lg-2 gutters-col-v-md-2 gutters-col-v-2\">\n          <!---->\n          <div class=\"h-column h-column-container d-flex h-col-lg-auto h-col-md-auto h-col-auto style-1375-outer style-local-3001-c7-outer\">\n            <div data-colibri-id=\"3001-c7\" class=\"d-flex h-flex-basis h-column__inner h-px-lg-2 h-px-md-2 h-px-2 v-inner-lg-2 v-inner-md-2 v-inner-2 style-1375 style-local-3001-c7 position-relative\">\n              <!---->\n              <!---->\n              <div class=\"w-100 h-y-container h-column__content h-column__v-align flex-basis-100 align-self-lg-start align-self-md-start align-self-start\">\n                <!---->\n                <div data-colibri-id=\"3001-c8\" class=\"d-block style-1376 style-local-3001-c8 position-relative h-element\">\n                  <!---->\n                  <div class=\"h-image__frame-container-outer\">\n                    <div class=\"h-image__frame-container\">\n                      <!---->\n                      <!---->\n                      <img loading=\"lazy\" decoding=\"async\" width=\"1598\" height=\"1200\" src=\"https:\/\/fv-feuerwehrbrinkum.de\/wp-content\/uploads\/2026\/05\/cropped-PHOTO-2026-04-30-08-27-31-1.jpg\" class=\"wp-image-3005 style-1376-image style-local-3001-c8-image\" alt=\"\" srcset=\"https:\/\/fv-feuerwehrbrinkum.de\/wp-content\/uploads\/2026\/05\/cropped-PHOTO-2026-04-30-08-27-31-1.jpg 1598w, https:\/\/fv-feuerwehrbrinkum.de\/wp-content\/uploads\/2026\/05\/cropped-PHOTO-2026-04-30-08-27-31-1-300x225.jpg 300w, https:\/\/fv-feuerwehrbrinkum.de\/wp-content\/uploads\/2026\/05\/cropped-PHOTO-2026-04-30-08-27-31-1-1024x769.jpg 1024w, https:\/\/fv-feuerwehrbrinkum.de\/wp-content\/uploads\/2026\/05\/cropped-PHOTO-2026-04-30-08-27-31-1-768x577.jpg 768w, https:\/\/fv-feuerwehrbrinkum.de\/wp-content\/uploads\/2026\/05\/cropped-PHOTO-2026-04-30-08-27-31-1-1536x1153.jpg 1536w\" sizes=\"auto, (max-width: 1598px) 100vw, 1598px\" \/>\n                      <div class=\"h-image__frame h-hide-lg h-hide-md h-hide-sm style-1376-frameImage style-local-3001-c8-frameImage\"><\/div>\n                    <\/div>\n                  <\/div>\n                <\/div>\n              <\/div>\n            <\/div>\n          <\/div>\n        <\/div>\n      <\/div>\n      <div data-colibri-id=\"3001-c9\" class=\"h-row-container gutters-row-lg-2 gutters-row-md-2 gutters-row-0 gutters-row-v-lg-2 gutters-row-v-md-2 gutters-row-v-2 style-1377 style-local-3001-c9 position-relative\">\n        <!---->\n        <div class=\"h-row justify-content-lg-center justify-content-md-center justify-content-center align-items-lg-stretch align-items-md-stretch align-items-stretch gutters-col-lg-2 gutters-col-md-2 gutters-col-0 gutters-col-v-lg-2 gutters-col-v-md-2 gutters-col-v-2\">\n          <!---->\n          <div class=\"h-column h-column-container d-flex h-col-lg-auto h-col-md-auto h-col-auto style-1378-outer style-local-3001-c10-outer\">\n            <div data-colibri-id=\"3001-c10\" class=\"d-flex h-flex-basis h-column__inner h-px-lg-2 h-px-md-2 h-px-2 v-inner-lg-2 v-inner-md-2 v-inner-2 style-1378 style-local-3001-c10 position-relative\">\n              <!---->\n              <!---->\n              <div class=\"w-100 h-y-container h-column__content h-column__v-align flex-basis-100 align-self-lg-start align-self-md-start align-self-start\">\n                <!---->\n                <div data-colibri-id=\"3001-c11\" class=\"h-text h-text-component style-1379 style-local-3001-c11 position-relative h-element\">\n                  <!---->\n                  <!---->\n                  <div class=\"\">\n                    <p>Am Ostersonntag, dem 05.04.2026, fand das Brinkumer Osterfeuer wieder auf der Fl\u00e4che neben dem Feuerwehrhaus statt, die nach dem letzten Osterfeuer als Festplatz hergerichtet wurde. Das Gel\u00e4nde ist eingez\u00e4unt und verf\u00fcgt \u00fcber Anschl\u00fcsse\n                      f\u00fcr Strom, Wasser und Abwasser. Dies erleichterte den Auf- und Abbau.<\/p>\n                    <p>\n                      <br>\n                    <\/p>\n                    <p>Gegen 19.00 Uhr wurde das Feuer von der Jugendfeuerwehr entz\u00fcndet. F\u00fcr das leibliche Wohl war wieder mit einem Stand f\u00fcr Pommes und Bratwurst sowie zwei Getr\u00e4nkewagen gesorgt. Auch die j\u00fcngeren Besucher kamen auf ihre Kosten: Die Jugendfeuerwehr\n                      bot an mehreren Stationen verschiedene Spiele an.<\/p>\n                    <p>\n                      <br>\n                    <\/p>\n                    <p>Gegen 20.30 Uhr zog ein kurzer Regenschauer auf, der einen Teil der Besucher zum Aufbruch bewegte, w\u00e4hrend viele G\u00e4ste den Abend weiterhin in geselliger Runde auf dem Festplatz genossen.<\/p>\n                  <\/div>\n                <\/div>\n              <\/div>\n            <\/div>\n          <\/div>\n        <\/div>\n      <\/div>\n    <\/div>\n  <\/div>\n<\/div>","protected":false},"excerpt":{"rendered":"<p>Osterfeuer 2026 auf neuem Festplatz Am Ostersonntag, dem 05.04.2026, fand das Brinkumer Osterfeuer wieder auf der Fl\u00e4che neben dem Feuerwehrhaus statt, die nach dem letzten Osterfeuer als Festplatz hergerichtet wurde. Das Gel\u00e4nde ist eingez\u00e4unt und verf\u00fcgt \u00fcber Anschl\u00fcsse f\u00fcr Strom, Wasser und Abwasser. Dies erleichterte den Auf- und Abbau. Gegen 19.00 Uhr wurde das Feuer [&hellip;]<\/p>\n","protected":false},"author":2,"featured_media":0,"parent":0,"menu_order":0,"comment_status":"closed","ping_status":"closed","template":"page-templates\/full-width-page.php","meta":{"footnotes":""},"class_list":["post-3001","page","type-page","status-publish","hentry"],"yoast_head":"<!-- This site is optimized with the Yoast SEO plugin v27.5 - https:\/\/yoast.com\/product\/yoast-seo-wordpress\/ -->\n<title>Osterfeuer 2026 - F\u00f6rderverein Feuerwehr Brinkum<\/title>\n<meta name=\"robots\" content=\"index, follow, max-snippet:-1, max-image-preview:large, max-video-preview:-1\" \/>\n<link rel=\"canonical\" href=\"https:\/\/fv-feuerwehrbrinkum.de\/?page_id=3001\" \/>\n<meta property=\"og:locale\" content=\"de_DE\" \/>\n<meta property=\"og:type\" content=\"article\" \/>\n<meta property=\"og:title\" content=\"Osterfeuer 2026 - F\u00f6rderverein Feuerwehr Brinkum\" \/>\n<meta property=\"og:description\" content=\"Osterfeuer 2026 auf neuem Festplatz Am Ostersonntag, dem 05.04.2026, fand das Brinkumer Osterfeuer wieder auf der Fl\u00e4che neben dem Feuerwehrhaus statt, die nach dem letzten Osterfeuer als Festplatz hergerichtet wurde. Das Gel\u00e4nde ist eingez\u00e4unt und verf\u00fcgt \u00fcber Anschl\u00fcsse f\u00fcr Strom, Wasser und Abwasser. Dies erleichterte den Auf- und Abbau. Gegen 19.00 Uhr wurde das Feuer [&hellip;]\" \/>\n<meta property=\"og:url\" content=\"https:\/\/fv-feuerwehrbrinkum.de\/?page_id=3001\" \/>\n<meta property=\"og:site_name\" content=\"F\u00f6rderverein Feuerwehr Brinkum\" \/>\n<meta property=\"article:modified_time\" content=\"2026-05-01T09:13:52+00:00\" \/>\n<meta property=\"og:image\" content=\"https:\/\/fv-feuerwehrbrinkum.de\/wp-content\/uploads\/2026\/05\/cropped-PHOTO-2026-04-30-08-27-31-1.jpg\" \/>\n\t<meta property=\"og:image:width\" content=\"1598\" \/>\n\t<meta property=\"og:image:height\" content=\"1200\" \/>\n\t<meta property=\"og:image:type\" content=\"image\/jpeg\" \/>\n<meta name=\"twitter:card\" content=\"summary_large_image\" \/>\n<meta name=\"twitter:label1\" content=\"Gesch\u00e4tzte Lesezeit\" \/>\n\t<meta name=\"twitter:data1\" content=\"1\u00a0Minute\" \/>\n<script type=\"application\/ld+json\" class=\"yoast-schema-graph\">{\"@context\":\"https:\\\/\\\/schema.org\",\"@graph\":[{\"@type\":\"WebPage\",\"@id\":\"https:\\\/\\\/fv-feuerwehrbrinkum.de\\\/?page_id=3001\",\"url\":\"https:\\\/\\\/fv-feuerwehrbrinkum.de\\\/?page_id=3001\",\"name\":\"Osterfeuer 2026 - F\u00f6rderverein Feuerwehr Brinkum\",\"isPartOf\":{\"@id\":\"https:\\\/\\\/fv-feuerwehrbrinkum.de\\\/#website\"},\"primaryImageOfPage\":{\"@id\":\"https:\\\/\\\/fv-feuerwehrbrinkum.de\\\/?page_id=3001#primaryimage\"},\"image\":{\"@id\":\"https:\\\/\\\/fv-feuerwehrbrinkum.de\\\/?page_id=3001#primaryimage\"},\"thumbnailUrl\":\"https:\\\/\\\/fv-feuerwehrbrinkum.de\\\/wp-content\\\/uploads\\\/2026\\\/05\\\/cropped-PHOTO-2026-04-30-08-27-31-1.jpg\",\"datePublished\":\"2026-05-01T08:59:20+00:00\",\"dateModified\":\"2026-05-01T09:13:52+00:00\",\"breadcrumb\":{\"@id\":\"https:\\\/\\\/fv-feuerwehrbrinkum.de\\\/?page_id=3001#breadcrumb\"},\"inLanguage\":\"de\",\"potentialAction\":[{\"@type\":\"ReadAction\",\"target\":[\"https:\\\/\\\/fv-feuerwehrbrinkum.de\\\/?page_id=3001\"]}]},{\"@type\":\"ImageObject\",\"inLanguage\":\"de\",\"@id\":\"https:\\\/\\\/fv-feuerwehrbrinkum.de\\\/?page_id=3001#primaryimage\",\"url\":\"https:\\\/\\\/fv-feuerwehrbrinkum.de\\\/wp-content\\\/uploads\\\/2026\\\/05\\\/cropped-PHOTO-2026-04-30-08-27-31-1.jpg\",\"contentUrl\":\"https:\\\/\\\/fv-feuerwehrbrinkum.de\\\/wp-content\\\/uploads\\\/2026\\\/05\\\/cropped-PHOTO-2026-04-30-08-27-31-1.jpg\",\"width\":1598,\"height\":1200},{\"@type\":\"BreadcrumbList\",\"@id\":\"https:\\\/\\\/fv-feuerwehrbrinkum.de\\\/?page_id=3001#breadcrumb\",\"itemListElement\":[{\"@type\":\"ListItem\",\"position\":1,\"name\":\"Startseite\",\"item\":\"https:\\\/\\\/fv-feuerwehrbrinkum.de\\\/\"},{\"@type\":\"ListItem\",\"position\":2,\"name\":\"Osterfeuer 2026\"}]},{\"@type\":\"WebSite\",\"@id\":\"https:\\\/\\\/fv-feuerwehrbrinkum.de\\\/#website\",\"url\":\"https:\\\/\\\/fv-feuerwehrbrinkum.de\\\/\",\"name\":\"F\u00f6rderverein Feuerwehr Brinkum\",\"description\":\"\",\"potentialAction\":[{\"@type\":\"SearchAction\",\"target\":{\"@type\":\"EntryPoint\",\"urlTemplate\":\"https:\\\/\\\/fv-feuerwehrbrinkum.de\\\/?s={search_term_string}\"},\"query-input\":{\"@type\":\"PropertyValueSpecification\",\"valueRequired\":true,\"valueName\":\"search_term_string\"}}],\"inLanguage\":\"de\"}]}<\/script>\n<!-- \/ Yoast SEO plugin. -->","yoast_head_json":{"title":"Osterfeuer 2026 - F\u00f6rderverein Feuerwehr Brinkum","robots":{"index":"index","follow":"follow","max-snippet":"max-snippet:-1","max-image-preview":"max-image-preview:large","max-video-preview":"max-video-preview:-1"},"canonical":"https:\/\/fv-feuerwehrbrinkum.de\/?page_id=3001","og_locale":"de_DE","og_type":"article","og_title":"Osterfeuer 2026 - F\u00f6rderverein Feuerwehr Brinkum","og_description":"Osterfeuer 2026 auf neuem Festplatz Am Ostersonntag, dem 05.04.2026, fand das Brinkumer Osterfeuer wieder auf der Fl\u00e4che neben dem Feuerwehrhaus statt, die nach dem letzten Osterfeuer als Festplatz hergerichtet wurde. Das Gel\u00e4nde ist eingez\u00e4unt und verf\u00fcgt \u00fcber Anschl\u00fcsse f\u00fcr Strom, Wasser und Abwasser. Dies erleichterte den Auf- und Abbau. Gegen 19.00 Uhr wurde das Feuer [&hellip;]","og_url":"https:\/\/fv-feuerwehrbrinkum.de\/?page_id=3001","og_site_name":"F\u00f6rderverein Feuerwehr Brinkum","article_modified_time":"2026-05-01T09:13:52+00:00","og_image":[{"width":1598,"height":1200,"url":"https:\/\/fv-feuerwehrbrinkum.de\/wp-content\/uploads\/2026\/05\/cropped-PHOTO-2026-04-30-08-27-31-1.jpg","type":"image\/jpeg"}],"twitter_card":"summary_large_image","twitter_misc":{"Gesch\u00e4tzte Lesezeit":"1\u00a0Minute"},"schema":{"@context":"https:\/\/schema.org","@graph":[{"@type":"WebPage","@id":"https:\/\/fv-feuerwehrbrinkum.de\/?page_id=3001","url":"https:\/\/fv-feuerwehrbrinkum.de\/?page_id=3001","name":"Osterfeuer 2026 - F\u00f6rderverein Feuerwehr Brinkum","isPartOf":{"@id":"https:\/\/fv-feuerwehrbrinkum.de\/#website"},"primaryImageOfPage":{"@id":"https:\/\/fv-feuerwehrbrinkum.de\/?page_id=3001#primaryimage"},"image":{"@id":"https:\/\/fv-feuerwehrbrinkum.de\/?page_id=3001#primaryimage"},"thumbnailUrl":"https:\/\/fv-feuerwehrbrinkum.de\/wp-content\/uploads\/2026\/05\/cropped-PHOTO-2026-04-30-08-27-31-1.jpg","datePublished":"2026-05-01T08:59:20+00:00","dateModified":"2026-05-01T09:13:52+00:00","breadcrumb":{"@id":"https:\/\/fv-feuerwehrbrinkum.de\/?page_id=3001#breadcrumb"},"inLanguage":"de","potentialAction":[{"@type":"ReadAction","target":["https:\/\/fv-feuerwehrbrinkum.de\/?page_id=3001"]}]},{"@type":"ImageObject","inLanguage":"de","@id":"https:\/\/fv-feuerwehrbrinkum.de\/?page_id=3001#primaryimage","url":"https:\/\/fv-feuerwehrbrinkum.de\/wp-content\/uploads\/2026\/05\/cropped-PHOTO-2026-04-30-08-27-31-1.jpg","contentUrl":"https:\/\/fv-feuerwehrbrinkum.de\/wp-content\/uploads\/2026\/05\/cropped-PHOTO-2026-04-30-08-27-31-1.jpg","width":1598,"height":1200},{"@type":"BreadcrumbList","@id":"https:\/\/fv-feuerwehrbrinkum.de\/?page_id=3001#breadcrumb","itemListElement":[{"@type":"ListItem","position":1,"name":"Startseite","item":"https:\/\/fv-feuerwehrbrinkum.de\/"},{"@type":"ListItem","position":2,"name":"Osterfeuer 2026"}]},{"@type":"WebSite","@id":"https:\/\/fv-feuerwehrbrinkum.de\/#website","url":"https:\/\/fv-feuerwehrbrinkum.de\/","name":"F\u00f6rderverein Feuerwehr Brinkum","description":"","potentialAction":[{"@type":"SearchAction","target":{"@type":"EntryPoint","urlTemplate":"https:\/\/fv-feuerwehrbrinkum.de\/?s={search_term_string}"},"query-input":{"@type":"PropertyValueSpecification","valueRequired":true,"valueName":"search_term_string"}}],"inLanguage":"de"}]}},"_links":{"self":[{"href":"https:\/\/fv-feuerwehrbrinkum.de\/index.php?rest_route=\/wp\/v2\/pages\/3001","targetHints":{"allow":["GET"]}}],"collection":[{"href":"https:\/\/fv-feuerwehrbrinkum.de\/index.php?rest_route=\/wp\/v2\/pages"}],"about":[{"href":"https:\/\/fv-feuerwehrbrinkum.de\/index.php?rest_route=\/wp\/v2\/types\/page"}],"author":[{"embeddable":true,"href":"https:\/\/fv-feuerwehrbrinkum.de\/index.php?rest_route=\/wp\/v2\/users\/2"}],"replies":[{"embeddable":true,"href":"https:\/\/fv-feuerwehrbrinkum.de\/index.php?rest_route=%2Fwp%2Fv2%2Fcomments&post=3001"}],"version-history":[{"count":5,"href":"https:\/\/fv-feuerwehrbrinkum.de\/index.php?rest_route=\/wp\/v2\/pages\/3001\/revisions"}],"predecessor-version":[{"id":3023,"href":"https:\/\/fv-feuerwehrbrinkum.de\/index.php?rest_route=\/wp\/v2\/pages\/3001\/revisions\/3023"}],"wp:attachment":[{"href":"https:\/\/fv-feuerwehrbrinkum.de\/index.php?rest_route=%2Fwp%2Fv2%2Fmedia&parent=3001"}],"curies":[{"name":"wp","href":"https:\/\/api.w.org\/{rel}","templated":true}]}}